{"id":602,"date":"2022-03-14T15:38:06","date_gmt":"2022-03-14T18:38:06","guid":{"rendered":"https:\/\/tecnologia.ufpr.br\/dhs\/?page_id=602"},"modified":"2022-03-14T15:39:18","modified_gmt":"2022-03-14T18:39:18","slug":"noticias-2","status":"publish","type":"page","link":"https:\/\/tecnologia.ufpr.br\/dhs\/noticias-2\/","title":{"rendered":"Not\u00edcias"},"content":{"rendered":"\n<div class=\"wp-block-image\"><figure class=\"aligncenter size-large\"><img loading=\"lazy\" decoding=\"async\" width=\"723\" height=\"1024\" src=\"https:\/\/tecnologia.ufpr.br\/dhs\/wp-content\/uploads\/sites\/44\/2022\/03\/WhatsApp-Image-2022-03-09-at-15.37.41-723x1024.jpeg\" alt=\"\" class=\"wp-image-608\" srcset=\"https:\/\/tecnologia.ufpr.br\/dhs\/wp-content\/uploads\/sites\/44\/2022\/03\/WhatsApp-Image-2022-03-09-at-15.37.41-723x1024.jpeg 723w, https:\/\/tecnologia.ufpr.br\/dhs\/wp-content\/uploads\/sites\/44\/2022\/03\/WhatsApp-Image-2022-03-09-at-15.37.41-212x300.jpeg 212w, https:\/\/tecnologia.ufpr.br\/dhs\/wp-content\/uploads\/sites\/44\/2022\/03\/WhatsApp-Image-2022-03-09-at-15.37.41-768x1087.jpeg 768w, https:\/\/tecnologia.ufpr.br\/dhs\/wp-content\/uploads\/sites\/44\/2022\/03\/WhatsApp-Image-2022-03-09-at-15.37.41-85x120.jpeg 85w, https:\/\/tecnologia.ufpr.br\/dhs\/wp-content\/uploads\/sites\/44\/2022\/03\/WhatsApp-Image-2022-03-09-at-15.37.41.jpeg 904w\" sizes=\"(max-width: 723px) 100vw, 723px\" \/><\/figure><\/div>\n\n\n\n<p><\/p>\n\n\n\n<p class=\"has-text-align-center\">O processo seletivo para a participa\u00e7\u00e3o do Projeto de Extens\u00e3o \u00c1gua &amp; A\u00e7\u00e3o est\u00e1 aberto!! Para se inscrever \u00e9 bem simples, basta preencher o formul\u00e1rio que entraremos em contato para explicar sobre o projeto e os demais detalhes!! Link para o formul\u00e1rio: https:\/\/forms.gle\/NdGUffMNbBTWXhRo7<br>Qualquer d\u00favida \u00e9 s\u00f3 entrar em contato conosco pelas redes sociais:Instagram: @aguaeacaoFacebook: \u00c1gua e a\u00e7\u00e3oE-mail: extensao.dhs@gmail.com<\/p>\n\n\n\n<p><\/p>\n","protected":false},"excerpt":{"rendered":"<p>O processo seletivo para a participa\u00e7\u00e3o do Projeto de Extens\u00e3o \u00c1gua &amp; A\u00e7\u00e3o est\u00e1 aberto!! Para se inscrever \u00e9 bem simples, basta preencher o formul\u00e1rio que entraremos em contato para explicar sobre o projeto e os demais detalhes!! Link para o formul\u00e1rio: https:\/\/forms.gle\/NdGUffMNbBTWXhRo7Qualquer d\u00favida \u00e9 s\u00f3 entrar em contato conosco pelas redes sociais:Instagram: @aguaeacaoFacebook: \u00c1gua [&hellip;]<\/p>\n","protected":false},"author":1076,"featured_media":0,"parent":0,"menu_order":0,"comment_status":"closed","ping_status":"closed","template":"","meta":{"footnotes":""},"_links":{"self":[{"href":"https:\/\/tecnologia.ufpr.br\/dhs\/wp-json\/wp\/v2\/pages\/602"}],"collection":[{"href":"https:\/\/tecnologia.ufpr.br\/dhs\/wp-json\/wp\/v2\/pages"}],"about":[{"href":"https:\/\/tecnologia.ufpr.br\/dhs\/wp-json\/wp\/v2\/types\/page"}],"author":[{"embeddable":true,"href":"https:\/\/tecnologia.ufpr.br\/dhs\/wp-json\/wp\/v2\/users\/1076"}],"replies":[{"embeddable":true,"href":"https:\/\/tecnologia.ufpr.br\/dhs\/wp-json\/wp\/v2\/comments?post=602"}],"version-history":[{"count":3,"href":"https:\/\/tecnologia.ufpr.br\/dhs\/wp-json\/wp\/v2\/pages\/602\/revisions"}],"predecessor-version":[{"id":611,"href":"https:\/\/tecnologia.ufpr.br\/dhs\/wp-json\/wp\/v2\/pages\/602\/revisions\/611"}],"wp:attachment":[{"href":"https:\/\/tecnologia.ufpr.br\/dhs\/wp-json\/wp\/v2\/media?parent=602"}],"curies":[{"name":"wp","href":"https:\/\/api.w.org\/{rel}","templated":true}]}}