{"id":91,"date":"2020-05-05T23:51:20","date_gmt":"2020-05-06T02:51:20","guid":{"rendered":"https:\/\/tecnologia.ufpr.br\/ceppur\/?page_id=91"},"modified":"2022-11-09T11:00:35","modified_gmt":"2022-11-09T14:00:35","slug":"artigos-em-periodicos","status":"publish","type":"page","link":"https:\/\/tecnologia.ufpr.br\/ceppur\/artigos-em-periodicos\/","title":{"rendered":"Artigos em Peri\u00f3dicos"},"content":{"rendered":"\n<p><\/p>\n\n\n\n<p>SANTOS, P.A.B.; IGARASHI, A.V.; GARONCE, F.V.; GUIMAR\u00c3ES J\u00daNIOR, P.R.; BASTOS, J.T. <em><a href=\"https:\/\/www.revistatransportes.org.br\/anpet\/article\/view\/2704\">Estabelecimento de metas de redu\u00e7\u00e3o de mortes no tr\u00e2nsito nos munic\u00edpios brasileiros<\/a><\/em>. TRANSPORTES. 2022, v.30, n.3.<\/p>\n\n\n\n<p>RAGNINI, E.C.S.; PONTES, D.R.; FARIA, J.R.V.; OLIVEIRA, M.<a rel=\"noreferrer noopener\" href=\"https:\/\/doi.org\/10.4000\/confins.40117\" data-type=\"URL\" data-id=\"https:\/\/doi.org\/10.4000\/confins.40117\" target=\"_blank\">\u00a0\u201cA comunidade\u00a0<em>Nova Esperan\u00e7a<\/em>\u00a0(PR): a incorpora\u00e7\u00e3o dos direitos dos migrantes e refugiados internacionais \u00e0s demandas dos movimentos de luta por moradia no Brasil&#8221;\u00a0<\/a>,\u00a0\u00a0<em>Confins<\/em>\u00a0[Online], 52 |\u00a02021, postado em\u00a015 de novembro de 2021\u00a0, consultado em\u00a003 de dezembro de 2021\u00a0.\u00a0URL: http:\/\/journals.openedition.org\/confins\/40117;\u00a0<br><br><br>BASTOS, J.T.; SANTOS, P.A.B.; AMANCIO, E.C; GADDA, T.M.; RAMALHO, J.A.; KING, M.J.; OVIEDO-TRESPALACIOS, O. <em><a href=\"http:\/\/mdpi.com\/1660-4601\/17\/17\/6412\">Naturalistic Driving Study in Brazil: An Analysis of Mobile Phone Use Behavior while Driving<\/a><\/em>. International Journal of Environmental Research and Public Health. 2020, 17, 6412.<\/p>\n\n\n\n<p>SOUZA, M. V. ; FARIA, J. R. V.. <em><a href=\"https:\/\/revistas.rcaap.pt\/finisterra\/article\/view\/19912\">Os sentidos da fun\u00e7\u00e3o social da propriedade na luta por habita\u00e7\u00e3o em Curitiba<\/a><\/em>. FINISTERRA (LISBOA. 1966), v. 55, p. 157-172, 2020.<\/p>\n\n\n\n<p>FARIA, J. R. V. ; POLLI, S. ; GUSSO, R.. <a rel=\"noreferrer noopener\" href=\"https:\/\/rbeur.anpur.org.br\/rbeur\/article\/view\/6379\" data-type=\"URL\" data-id=\"https:\/\/rbeur.anpur.org.br\/rbeur\/article\/view\/6379\" target=\"_blank\">Observat\u00f3rio de Conflitos Urbanos de Curitiba: metodologia e categorias de an\u00e1lise<\/a>. Revista Brasileira de Estudos Urbanos e Regionais, v.22, 2020.<\/p>\n\n\n\n<p>PONTES, D. R. ; SCHIMITZ, A. ; FARIA, J. R. V. ; CAMARGO, G. Q. ; PINHO, L. ; ALVES, P. B. ; <a href=\"https:\/\/revistadadpu.dpu.def.br\/issue\/view\/40\/34\" data-type=\"URL\" data-id=\"https:\/\/revistadadpu.dpu.def.br\/issue\/view\/40\/34\">Parceria para formula\u00e7\u00e3o de parecer t\u00e9cnico: Estudo t\u00e9cnico da UFPR em processo de reintegra\u00e7\u00e3o de posse de faixa de dom\u00ednio de ferrovia em Almirante Tamandar\u00e9\/PR, em a\u00e7\u00e3o civil p\u00fablica proposta pela DPU.<\/a> Revista da Defensoria P\u00fablica da Uni\u00e3o, n. 14,  p. 276-303, 2020.<\/p>\n\n\n\n<p>BITTENCOURT, T. A. ; FARIA, J. R. V.. <a href=\"https:\/\/www.scielo.br\/scielo.php?script=sci_arttext&amp;pid=S2175-33692021000100208&amp;lng=en&amp;nrm=iso&amp;tlng=pt\" data-type=\"URL\" data-id=\"https:\/\/www.scielo.br\/scielo.php?script=sci_arttext&amp;pid=S2175-33692021000100208&amp;lng=en&amp;nrm=iso&amp;tlng=pt\">Distribui\u00e7\u00e3o de investimentos p\u00fablicos, infraestrutura urbana e desigualdade socioespacial em Curitiba.<\/a> urbe. Revista Brasileira de Gest\u00e3o Urbana, 13, e20190300.<\/p>\n\n\n\n<p>BOSCO JUNIOR, A. D. ;&nbsp;BASTOS, J. T.&nbsp;; FARIA, J. R. V. <a href=\"https:\/\/www.brazilianjournals.com\/index.php\/BRJD\/article\/view\/22595\/18088\">Protestos e conflitos urbanos porseguran\u00e7a vi\u00e1ria em Curitiba e regi\u00e3o metropolitana<\/a>. Brazilian Journal of Development, v. 7, p. 887-904, 2021.<\/p>\n\n\n\n<p>BASTOS, J.T.; SANTOS, P.A.B.; AMANCIO, E.C; GADDA, T.M.; RAMALHO, J.A.; KING, M.J.; OVIEDO-TRESPALACIOS, O. <a href=\"https:\/\/tecnologia.ufpr.br\/ceppur\/wp-content\/uploads\/sites\/43\/2021\/02\/Is-organized-carpolling-safer_AAP_20200204.pdf\" data-type=\"URL\" data-id=\"https:\/\/tecnologia.ufpr.br\/ceppur\/wp-content\/uploads\/sites\/43\/2021\/02\/Is-organized-carpolling-safer_AAP_20200204.pdf\">Is organized carpooling safer? speeding and distracted driving behaviors from a naturalistic driving study in Brazil.<\/a> Accident Analysis and Prevention, n. 152, 2021.<\/p>\n\n\n\n<p>OVIEDO-TRESPALACIOS, O.; \u00c7ELIK, A. K.; MARTI-BELDA, A.; W&#8217;ODARCZYK, A.; DEMANT, D.; NGUYEN-PHUOC, D. Q.; RUBIE, E.; OKTAY, E.; ARGANDAR, G. D.; ROD, J. E.; NATIVIDADE, J. C.; PARK, J.;&nbsp;BASTOS, J. T.;&nbsp;MART\u00cdNEZ-BUELVAS, L.; DA SILVA, M. F. P.; VELINDRO, M.; SUCHA, M.; OROZCO-FONTALVO, M.; BARBOZA-PALOMINO, M.; YUAN, Q.; MENDES, R.; RUSLI, R.; RAMEZANI, S.; USECHE, S. A.; DE AQUINO, S. D.; TSUBAKITA, T.; VOLKODAV, T.; RINNE, T.; ENEA, V.; WANG, Y.; KING, M. <a href=\"https:\/\/www.sciencedirect.com\/science\/article\/abs\/pii\/S0001457521002438?via%3Dihub\">Alcohol-impaired Walking in 16 Countries: A Theory-Based Investigation<\/a>. Accident Analysis and Prevention, v. 159, p. 106212, 2021.<\/p>\n","protected":false},"excerpt":{"rendered":"<p>SANTOS, P.A.B.; IGARASHI, A.V.; GARONCE, F.V.; GUIMAR\u00c3ES J\u00daNIOR, P.R.; BASTOS, J.T. Estabelecimento de metas de redu\u00e7\u00e3o de mortes no tr\u00e2nsito nos munic\u00edpios brasileiros. TRANSPORTES. 2022, v.30, n.3. RAGNINI, E.C.S.; PONTES, D.R.; FARIA, J.R.V.; OLIVEIRA, M.\u00a0\u201cA comunidade\u00a0Nova Esperan\u00e7a\u00a0(PR): a incorpora\u00e7\u00e3o dos&#8230;<br \/><a class=\"read-more-button\" href=\"https:\/\/tecnologia.ufpr.br\/ceppur\/artigos-em-periodicos\/\">Read more<\/a><\/p>\n","protected":false},"author":1071,"featured_media":0,"parent":0,"menu_order":0,"comment_status":"closed","ping_status":"closed","template":"","meta":{"footnotes":""},"_links":{"self":[{"href":"https:\/\/tecnologia.ufpr.br\/ceppur\/wp-json\/wp\/v2\/pages\/91"}],"collection":[{"href":"https:\/\/tecnologia.ufpr.br\/ceppur\/wp-json\/wp\/v2\/pages"}],"about":[{"href":"https:\/\/tecnologia.ufpr.br\/ceppur\/wp-json\/wp\/v2\/types\/page"}],"author":[{"embeddable":true,"href":"https:\/\/tecnologia.ufpr.br\/ceppur\/wp-json\/wp\/v2\/users\/1071"}],"replies":[{"embeddable":true,"href":"https:\/\/tecnologia.ufpr.br\/ceppur\/wp-json\/wp\/v2\/comments?post=91"}],"version-history":[{"count":10,"href":"https:\/\/tecnologia.ufpr.br\/ceppur\/wp-json\/wp\/v2\/pages\/91\/revisions"}],"predecessor-version":[{"id":718,"href":"https:\/\/tecnologia.ufpr.br\/ceppur\/wp-json\/wp\/v2\/pages\/91\/revisions\/718"}],"wp:attachment":[{"href":"https:\/\/tecnologia.ufpr.br\/ceppur\/wp-json\/wp\/v2\/media?parent=91"}],"curies":[{"name":"wp","href":"https:\/\/api.w.org\/{rel}","templated":true}]}}