{"id":15,"date":"2016-04-05T15:39:47","date_gmt":"2016-04-05T15:39:47","guid":{"rendered":"https:\/\/tecnologia.ufpr.br\/cceq\/?page_id=15"},"modified":"2024-10-04T16:10:13","modified_gmt":"2024-10-04T19:10:13","slug":"comissao-organizadora-de-estagio","status":"publish","type":"page","link":"https:\/\/tecnologia.ufpr.br\/ccec\/en\/comissao-organizadora-de-estagio\/","title":{"rendered":"COE"},"content":{"rendered":"<div style=\"height:100px\" aria-hidden=\"true\" class=\"wp-block-spacer\"><\/div>\n\n\n\n<h4 class=\"wp-block-heading\"><span style=\"color: #000080\">Comiss\u00e3o Orientadora do Est\u00e1gio (COE)<\/span><\/h4>\n\n\n\n<p>Todo contrato de est\u00e1gio (obrigat\u00f3rio ou n\u00e3o obrigat\u00f3rio) deve ser avaliado pela COE e assinado por um de seus membros.<\/p>\n\n\n\n<p>A COE ir\u00e1 avaliar a qualidade e adequa\u00e7\u00e3o do plano de est\u00e1gio do aluno.<\/p>\n\n\n\n<hr class=\"wp-block-separator has-alpha-channel-opacity\" \/>\n\n\n\n<h4 class=\"wp-block-heading\"><span style=\"color: #000080\">Coordena\u00e7\u00e3o Geral de Est\u00e1gios<\/span><\/h4>\n\n\n\n<p><b>Telefones: <\/b>41\u00a03310-2675 \/ 41 3310-2681 \/ 41 3310-2656<b> &#8211;\u00a0 E-mail:\u00a0<\/b>estagio@ufpr.br<b> &#8211; Site:\u00a0http:\/\/<a href=\"http:\/\/www.prograd.ufpr.br\/coafe\/ue\/\">www.prograd.ufpr.br\/coafe\/ue\/<\/a><\/b><\/p>\n\n\n\n<p><b>Endere\u00e7o:\u00a0<\/b>Pra\u00e7a Santos Andrade, n\u00ba 50 \u2013 Pr\u00e9dio Hist\u00f3rico \u2013 CEP 80.020-300 &#8211; Curitiba &#8211; PR<\/p>\n\n\n\n<p><b>Hor\u00e1rio de atendimento:&nbsp;<\/b>das 08:00 hs \u00e0s 12:00 hs e das 13:00 hs \u00e0s 17:00 hs<\/p>\n\n\n\n<hr class=\"wp-block-separator has-alpha-channel-opacity\" \/>\n\n\n\n<h4 class=\"wp-block-heading\"><span style=\"color: #000080\">Atribui\u00e7\u00f5es\/Fun\u00e7\u00f5es da COE<\/span><\/h4>\n\n\n\n<hr class=\"wp-block-separator has-alpha-channel-opacity\" \/>\n\n\n\n<p>Segundo&nbsp;<a href=\"http:\/\/www.soc.ufpr.br\/wp-content\/uploads\/2016\/07\/resolucao_cepe_19082010-477.pdf\">RESOLU\u00c7\u00c3O N\u00ba 46\/10-CEPE<\/a><\/p>\n\n\n\n<p>Art. 16. Cada colegiado de curso contar\u00e1 com uma Comiss\u00e3o Orientadora de Est\u00e1gios (COE), composta de professores indicados pelos departamentos respons\u00e1veis pelo curso a que se refere, com mandatos vari\u00e1veis de um a dois anos, de acordo com o que for fixado pelo colegiado de curso.<\/p>\n\n\n\n<h4 class=\"wp-block-heading\"><span style=\"color: #000080\">Compete \u00e0 COE:<\/span><\/h4>\n\n\n\n<p>I- planejar e avaliar as atividades referentes aos est\u00e1gios (obrigat\u00f3rios e n\u00e3o-obrigat\u00f3rios), de conformidade com os planos did\u00e1ticos dos professores orientadores, de forma a garantir o cumprimento das diretrizes gerais do est\u00e1gio na UFPR;<\/p>\n\n\n\n<p>II- representar-se junto ao colegiado de curso a fim de articular a defini\u00e7\u00e3o de pol\u00edticas de desenvolvimento, acompanhamento e avalia\u00e7\u00e3o do est\u00e1gio junto ao curso;<\/p>\n\n\n\n<p>III- contatar as institui\u00e7\u00f5es concedentes de est\u00e1gio para an\u00e1lise de condi\u00e7\u00f5es do campo e das informa\u00e7\u00f5es quanto \u00e0 celebra\u00e7\u00e3o de conv\u00eanios, quando necess\u00e1rios, e\/ou celebra\u00e7\u00e3o de acordos de coopera\u00e7\u00e3o espec\u00edficos ao curso que lhe seja afeto; e<\/p>\n\n\n\n<p>IV- manter fluxo de informa\u00e7\u00f5es relativas ao acompanhamento e desenvolvimento dos est\u00e1gios em processo, bem como assegurar a socializa\u00e7\u00e3o de informa\u00e7\u00f5es junto \u00e0s coordena\u00e7\u00f5es de curso e ao campo de est\u00e1gio.<\/p>\n\n\n\n<p>Em rela\u00e7\u00e3o ao Est\u00e1gio, compete aos <strong>Colegiados de Curso:<\/strong><\/p>\n\n\n\n<p>I- aprovar a regulamenta\u00e7\u00e3o espec\u00edfica para os est\u00e1gios obrigat\u00f3rios e n\u00e3o obrigat\u00f3rios no \u00e2mbito do respectivo curso, elaborada pelas comiss\u00f5es orientadoras de est\u00e1gio com a participa\u00e7\u00e3o dos professores orientadores; e<\/p>\n\n\n\n<p>II- supervisionar a execu\u00e7\u00e3o e o desenvolvimento dos est\u00e1gios no \u00e2mbito do respectivo curso.<\/p>\n\n\n\n<hr class=\"wp-block-separator has-alpha-channel-opacity\" \/>\n\n\n\n<h4 class=\"wp-block-heading\"><span style=\"color: #000080\">Membros da Comiss\u00e3o Orientadora de Est\u00e1gio (COE) do Curso de Engenharia Civil &#8211; UFPR<\/span><\/h4>\n\n\n\n<hr class=\"wp-block-separator has-alpha-channel-opacity\" \/>\n\n\n\n<p>Professor \/ Departamento \/ E-mail<\/p>\n\n\n\n<ul>\n<li><span style=\"color: #000000\">Prof. Alexandre K. Guetter \/ DHS \/ gue<span style=\"color: #333333\">tter.dhs@ufpr.br<\/span><\/span><\/li>\n\n\n\n<li><span style=\"color: #000000\">Prof. Bruno Victor Veiga \/ DHS \/ bvveiga@ufpr.br<\/span><\/li>\n\n\n\n<li><span style=\"color: #000000\">Profa. Regina Tiemy Kishi \/ DHS \/ rtkishi.dhs@ufpr.br<\/span><\/li>\n\n\n\n<li><span style=\"color: #000000\">Profa. Anelise Schmitz \/ DTT \/ anelise.schmitz@ufpr.br<\/span><\/li>\n\n\n\n<li>Prof. Camilo Borges Neto \/ DTT \/ cyborg@ufpr.br<\/li>\n\n\n\n<li>Prof. Roberto Dalledone Machado \/ DCC \/ rdm@ufpr.br<\/li>\n\n\n\n<li>Prof. Elv\u00eddio Gavassoni Neto \/ DCC \/ gavassoni@ufpr.br<\/li>\n\n\n\n<li>Prof. Leonardo Fagundes Rosemback Miranda \/ DCC \/ lmiranda@ufpr.br<\/li>\n<\/ul>\n\n\n\n<div style=\"height:100px\" aria-hidden=\"true\" class=\"wp-block-spacer\"><\/div>\n\n\n\n<div class=\"wp-block-group is-nowrap is-layout-flex wp-container-core-group-is-layout-2 wp-block-group-is-layout-flex\">\n<div class=\"wp-block-group is-nowrap is-layout-flex wp-container-core-group-is-layout-1 wp-block-group-is-layout-flex\">\n<p>Atualizado em:<\/p>\n<\/div>\n\n\n<div class=\"wp-block-post-date__modified-date wp-block-post-date\"><time datetime=\"2024-10-04T16:10:13-03:00\">4 de October de 2024<\/time><\/div><\/div>","protected":false},"excerpt":{"rendered":"<p>Comiss\u00e3o Orientadora do Est\u00e1gio (COE) Todo contrato de est\u00e1gio (obrigat\u00f3rio ou n\u00e3o obrigat\u00f3rio) deve ser avaliado pela COE e assinado por um de seus membros. [&hellip;]<\/p>","protected":false},"author":1,"featured_media":0,"parent":0,"menu_order":0,"comment_status":"closed","ping_status":"closed","template":"","meta":{"footnotes":""},"_links":{"self":[{"href":"https:\/\/tecnologia.ufpr.br\/ccec\/en\/wp-json\/wp\/v2\/pages\/15"}],"collection":[{"href":"https:\/\/tecnologia.ufpr.br\/ccec\/en\/wp-json\/wp\/v2\/pages"}],"about":[{"href":"https:\/\/tecnologia.ufpr.br\/ccec\/en\/wp-json\/wp\/v2\/types\/page"}],"author":[{"embeddable":true,"href":"https:\/\/tecnologia.ufpr.br\/ccec\/en\/wp-json\/wp\/v2\/users\/1"}],"replies":[{"embeddable":true,"href":"https:\/\/tecnologia.ufpr.br\/ccec\/en\/wp-json\/wp\/v2\/comments?post=15"}],"version-history":[{"count":35,"href":"https:\/\/tecnologia.ufpr.br\/ccec\/en\/wp-json\/wp\/v2\/pages\/15\/revisions"}],"predecessor-version":[{"id":7255,"href":"https:\/\/tecnologia.ufpr.br\/ccec\/en\/wp-json\/wp\/v2\/pages\/15\/revisions\/7255"}],"wp:attachment":[{"href":"https:\/\/tecnologia.ufpr.br\/ccec\/en\/wp-json\/wp\/v2\/media?parent=15"}],"curies":[{"name":"wp","href":"https:\/\/api.w.org\/{rel}","templated":true}]}}